{"id":1388,"date":"2025-09-24T14:46:53","date_gmt":"2025-09-24T14:46:53","guid":{"rendered":"https:\/\/dih4society.ro\/?page_id=1388"},"modified":"2025-10-02T09:18:04","modified_gmt":"2025-10-02T09:18:04","slug":"evenimente","status":"publish","type":"page","link":"https:\/\/dih4society.ro\/en\/evenimente\/","title":{"rendered":"Events"},"content":{"rendered":"<div data-elementor-type=\"wp-page\" data-elementor-id=\"1388\" class=\"elementor elementor-1388\" data-elementor-post-type=\"page\">\n\t\t\t\t<div class=\"elementor-element elementor-element-45036ca e-flex e-con-boxed e-con e-parent\" data-id=\"45036ca\" data-element_type=\"container\" data-e-type=\"container\" data-settings=\"{&quot;background_background&quot;:&quot;classic&quot;}\">\n\t\t\t\t\t<div class=\"e-con-inner\">\n\t\t<div class=\"elementor-element elementor-element-100cf83 e-con-full e-flex e-con e-child\" data-id=\"100cf83\" data-element_type=\"container\" data-e-type=\"container\">\n\t\t<div class=\"elementor-element elementor-element-9ac3019 e-con-full e-flex e-con e-child\" data-id=\"9ac3019\" data-element_type=\"container\" data-e-type=\"container\">\n\t\t\t\t<div class=\"elementor-element elementor-element-e62d82d elementor-invisible elementor-widget elementor-widget-heading\" data-id=\"e62d82d\" data-element_type=\"widget\" data-e-type=\"widget\" data-settings=\"{&quot;_animation&quot;:&quot;fadeInUp&quot;}\" data-widget_type=\"heading.default\">\n\t\t\t\t\t<h1 class=\"elementor-heading-title elementor-size-default\">Events<\/h1>\t\t\t\t<\/div>\n\t\t\t\t<\/div>\n\t\t\t\t<\/div>\n\t\t\t\t\t<\/div>\n\t\t\t\t<\/div>\n\t\t<div class=\"elementor-element elementor-element-bcc3628 e-flex e-con-boxed e-con e-parent\" data-id=\"bcc3628\" data-element_type=\"container\" data-e-type=\"container\">\n\t\t\t\t\t<div class=\"e-con-inner\">\n\t\t\t\t<div class=\"elementor-element elementor-element-70438f0 elementor-posts__hover-none elementor-grid-3 elementor-grid-tablet-2 elementor-grid-mobile-1 elementor-posts--thumbnail-top elementor-card-shadow-yes elementor-widget elementor-widget-posts\" data-id=\"70438f0\" data-element_type=\"widget\" data-e-type=\"widget\" data-settings=\"{&quot;cards_row_gap&quot;:{&quot;unit&quot;:&quot;px&quot;,&quot;size&quot;:30,&quot;sizes&quot;:[]},&quot;pagination_type&quot;:&quot;numbers&quot;,&quot;cards_columns&quot;:&quot;3&quot;,&quot;cards_columns_tablet&quot;:&quot;2&quot;,&quot;cards_columns_mobile&quot;:&quot;1&quot;,&quot;cards_row_gap_laptop&quot;:{&quot;unit&quot;:&quot;px&quot;,&quot;size&quot;:&quot;&quot;,&quot;sizes&quot;:[]},&quot;cards_row_gap_tablet&quot;:{&quot;unit&quot;:&quot;px&quot;,&quot;size&quot;:&quot;&quot;,&quot;sizes&quot;:[]},&quot;cards_row_gap_mobile&quot;:{&quot;unit&quot;:&quot;px&quot;,&quot;size&quot;:&quot;&quot;,&quot;sizes&quot;:[]}}\" data-widget_type=\"posts.cards\">\n\t\t\t\t<div class=\"elementor-widget-container\">\n\t\t\t\t\t\t\t<div class=\"elementor-posts-container elementor-posts elementor-posts--skin-cards elementor-grid\" role=\"list\">\n\t\t\t\t<article class=\"elementor-post elementor-grid-item post-2528 post type-post status-publish format-standard has-post-thumbnail hentry category-evenimente\" role=\"listitem\">\n\t\t\t<div class=\"elementor-post__card\">\n\t\t\t\t<a class=\"elementor-post__thumbnail__link\" href=\"https:\/\/dih4society.ro\/en\/cluj-innovation-days-2026-skills-in-the-ai-era\/\" tabindex=\"-1\" ><div class=\"elementor-post__thumbnail\"><img fetchpriority=\"high\" decoding=\"async\" width=\"640\" height=\"360\" src=\"https:\/\/dih4society.ro\/wp-content\/uploads\/2026\/04\/Vizual-CID-2026-640x360-1.png\" class=\"attachment-full size-full wp-image-2529\" alt=\"\" srcset=\"https:\/\/dih4society.ro\/wp-content\/uploads\/2026\/04\/Vizual-CID-2026-640x360-1.png 640w, https:\/\/dih4society.ro\/wp-content\/uploads\/2026\/04\/Vizual-CID-2026-640x360-1-300x169.png 300w, https:\/\/dih4society.ro\/wp-content\/uploads\/2026\/04\/Vizual-CID-2026-640x360-1-18x10.png 18w\" sizes=\"(max-width: 640px) 100vw, 640px\" \/><\/div><\/a>\n\t\t\t\t<div class=\"elementor-post__badge\">Events<\/div>\n\t\t\t\t<div class=\"elementor-post__text\">\n\t\t\t\t<h3 class=\"elementor-post__title\">\n\t\t\t<a href=\"https:\/\/dih4society.ro\/en\/cluj-innovation-days-2026-skills-in-the-ai-era\/\" >\n\t\t\t\tCluj Innovation Days 2026: Skills in the AI Era\t\t\t<\/a>\n\t\t<\/h3>\n\t\t\t\t<div class=\"elementor-post__excerpt\">\n\t\t\t<p>Cluj Innovation Days is a leading innovation event in Eastern Europe, celebrating in 2026 its 14th edition, reaffirming Cluj-Napoca and<\/p>\n\t\t<\/div>\n\t\t\n\t\t<a class=\"elementor-post__read-more\" href=\"https:\/\/dih4society.ro\/en\/cluj-innovation-days-2026-skills-in-the-ai-era\/\" aria-label=\"Read more about Cluj Innovation Days 2026: Skills in the AI Era\" tabindex=\"-1\" >\n\t\t\tRead more \u00bb\t\t<\/a>\n\n\t\t\t\t<\/div>\n\t\t\t\t<div class=\"elementor-post__meta-data\">\n\t\t\t\t\t<span class=\"elementor-post-date\">\n\t\t\t16 April 2026\t\t<\/span>\n\t\t\t\t<\/div>\n\t\t\t\t\t<\/div>\n\t\t<\/article>\n\t\t\t\t<article class=\"elementor-post elementor-grid-item post-1870 post type-post status-publish format-standard has-post-thumbnail hentry category-evenimente\" role=\"listitem\">\n\t\t\t<div class=\"elementor-post__card\">\n\t\t\t\t<a class=\"elementor-post__thumbnail__link\" href=\"https:\/\/dih4society.ro\/en\/digital-transformation-experience-dtx2025\/\" tabindex=\"-1\" ><div class=\"elementor-post__thumbnail\"><img decoding=\"async\" width=\"1920\" height=\"1080\" src=\"https:\/\/dih4society.ro\/wp-content\/uploads\/2025\/09\/DTX2025_Presentation_DIH4Society.pptx.webp\" class=\"attachment-full size-full wp-image-1871\" alt=\"\" srcset=\"https:\/\/dih4society.ro\/wp-content\/uploads\/2025\/09\/DTX2025_Presentation_DIH4Society.pptx.webp 1920w, https:\/\/dih4society.ro\/wp-content\/uploads\/2025\/09\/DTX2025_Presentation_DIH4Society.pptx-300x169.webp 300w, https:\/\/dih4society.ro\/wp-content\/uploads\/2025\/09\/DTX2025_Presentation_DIH4Society.pptx-1024x576.webp 1024w, https:\/\/dih4society.ro\/wp-content\/uploads\/2025\/09\/DTX2025_Presentation_DIH4Society.pptx-768x432.webp 768w, https:\/\/dih4society.ro\/wp-content\/uploads\/2025\/09\/DTX2025_Presentation_DIH4Society.pptx-1536x864.webp 1536w, https:\/\/dih4society.ro\/wp-content\/uploads\/2025\/09\/DTX2025_Presentation_DIH4Society.pptx-18x10.webp 18w\" sizes=\"(max-width: 1920px) 100vw, 1920px\" \/><\/div><\/a>\n\t\t\t\t<div class=\"elementor-post__badge\">Events<\/div>\n\t\t\t\t<div class=\"elementor-post__text\">\n\t\t\t\t<h3 class=\"elementor-post__title\">\n\t\t\t<a href=\"https:\/\/dih4society.ro\/en\/digital-transformation-experience-dtx2025\/\" >\n\t\t\t\tDigital Transformation Experience &#8211; DTX2025\t\t\t<\/a>\n\t\t<\/h3>\n\t\t\t\t<div class=\"elementor-post__excerpt\">\n\t\t\t<p>This fall, Cluj-Napoca becomes the place where digital transformation takes the spotlight. Join us at \ud835\udc03\ud835\udc22\ud835\udc20\ud835\udc22\ud835\udc2d\ud835\udc1a\ud835\udc25 \ud835\udc13\ud835\udc2b\ud835\udc1a\ud835\udc27\ud835\udc2c\ud835\udc1f\ud835\udc28\ud835\udc2b\ud835\udc26\ud835\udc1a\ud835\udc2d\ud835\udc22\ud835\udc28\ud835\udc27 \ud835\udc04\ud835\udc31\ud835\udc29\ud835\udc1e\ud835\udc2b\ud835\udc22\ud835\udc1e\ud835\udc27\ud835\udc1c\ud835\udc1e \u2013 \ud835\udc03\ud835\udc13\ud835\udc17\ud835\udfd0\ud835\udfce\ud835\udfd0\ud835\udfd3,<\/p>\n\t\t<\/div>\n\t\t\n\t\t<a class=\"elementor-post__read-more\" href=\"https:\/\/dih4society.ro\/en\/digital-transformation-experience-dtx2025\/\" aria-label=\"Read more about Digital Transformation Experience &#8211; DTX2025\" tabindex=\"-1\" >\n\t\t\tRead more \u00bb\t\t<\/a>\n\n\t\t\t\t<\/div>\n\t\t\t\t<div class=\"elementor-post__meta-data\">\n\t\t\t\t\t<span class=\"elementor-post-date\">\n\t\t\t4 September 2025\t\t<\/span>\n\t\t\t\t<\/div>\n\t\t\t\t\t<\/div>\n\t\t<\/article>\n\t\t\t\t<article class=\"elementor-post elementor-grid-item post-2486 post type-post status-publish format-standard has-post-thumbnail hentry category-evenimente\" role=\"listitem\">\n\t\t\t<div class=\"elementor-post__card\">\n\t\t\t\t<a class=\"elementor-post__thumbnail__link\" href=\"https:\/\/dih4society.ro\/en\/oradea-innovation-day-2025-peste-150-de-participanti-au-pus-digitalizarea-in-centrul-dezvoltarii-regionale\/\" tabindex=\"-1\" ><div class=\"elementor-post__thumbnail\"><img decoding=\"async\" width=\"1600\" height=\"900\" src=\"https:\/\/dih4society.ro\/wp-content\/uploads\/2025\/06\/Oradea-Innovation-Day-18-Iunie-2025-5.jpeg\" class=\"attachment-full size-full wp-image-2488\" alt=\"\" srcset=\"https:\/\/dih4society.ro\/wp-content\/uploads\/2025\/06\/Oradea-Innovation-Day-18-Iunie-2025-5.jpeg 1600w, https:\/\/dih4society.ro\/wp-content\/uploads\/2025\/06\/Oradea-Innovation-Day-18-Iunie-2025-5-300x169.jpeg 300w, https:\/\/dih4society.ro\/wp-content\/uploads\/2025\/06\/Oradea-Innovation-Day-18-Iunie-2025-5-1024x576.jpeg 1024w, https:\/\/dih4society.ro\/wp-content\/uploads\/2025\/06\/Oradea-Innovation-Day-18-Iunie-2025-5-768x432.jpeg 768w, https:\/\/dih4society.ro\/wp-content\/uploads\/2025\/06\/Oradea-Innovation-Day-18-Iunie-2025-5-1536x864.jpeg 1536w, https:\/\/dih4society.ro\/wp-content\/uploads\/2025\/06\/Oradea-Innovation-Day-18-Iunie-2025-5-18x10.jpeg 18w\" sizes=\"(max-width: 1600px) 100vw, 1600px\" \/><\/div><\/a>\n\t\t\t\t<div class=\"elementor-post__badge\">Events<\/div>\n\t\t\t\t<div class=\"elementor-post__text\">\n\t\t\t\t<h3 class=\"elementor-post__title\">\n\t\t\t<a href=\"https:\/\/dih4society.ro\/en\/oradea-innovation-day-2025-peste-150-de-participanti-au-pus-digitalizarea-in-centrul-dezvoltarii-regionale\/\" >\n\t\t\t\tOradea Innovation Day 2025: Peste 150 de participan\u021bi au pus digitalizarea \u00een centrul dezvolt\u0103rii regionale\t\t\t<\/a>\n\t\t<\/h3>\n\t\t\t\t<div class=\"elementor-post__excerpt\">\n\t\t\t<p>Pe 18 iunie 2025, Parcul \u0218tiin\u021bific \u0219i Tehnologic Bihor a g\u0103zduit cu succes evenimentul Oradea Innovation Day, dedicat acceler\u0103rii transform\u0103rii<\/p>\n\t\t<\/div>\n\t\t\n\t\t<a class=\"elementor-post__read-more\" href=\"https:\/\/dih4society.ro\/en\/oradea-innovation-day-2025-peste-150-de-participanti-au-pus-digitalizarea-in-centrul-dezvoltarii-regionale\/\" aria-label=\"Read more about Oradea Innovation Day 2025: Peste 150 de participan\u021bi au pus digitalizarea \u00een centrul dezvolt\u0103rii regionale\" tabindex=\"-1\" >\n\t\t\tRead more \u00bb\t\t<\/a>\n\n\t\t\t\t<\/div>\n\t\t\t\t<div class=\"elementor-post__meta-data\">\n\t\t\t\t\t<span class=\"elementor-post-date\">\n\t\t\t19 June 2025\t\t<\/span>\n\t\t\t\t<\/div>\n\t\t\t\t\t<\/div>\n\t\t<\/article>\n\t\t\t\t<article class=\"elementor-post elementor-grid-item post-1867 post type-post status-publish format-standard has-post-thumbnail hentry category-evenimente\" role=\"listitem\">\n\t\t\t<div class=\"elementor-post__card\">\n\t\t\t\t<a class=\"elementor-post__thumbnail__link\" href=\"https:\/\/dih4society.ro\/en\/oradea-innovation-days-2025\/\" tabindex=\"-1\" ><div class=\"elementor-post__thumbnail\"><img loading=\"lazy\" decoding=\"async\" width=\"1920\" height=\"1080\" src=\"https:\/\/dih4society.ro\/wp-content\/uploads\/2025\/09\/SID2023_Websitevideo_1920x1080-px-1-1.webp\" class=\"attachment-full size-full wp-image-1868\" alt=\"\" srcset=\"https:\/\/dih4society.ro\/wp-content\/uploads\/2025\/09\/SID2023_Websitevideo_1920x1080-px-1-1.webp 1920w, https:\/\/dih4society.ro\/wp-content\/uploads\/2025\/09\/SID2023_Websitevideo_1920x1080-px-1-1-300x169.webp 300w, https:\/\/dih4society.ro\/wp-content\/uploads\/2025\/09\/SID2023_Websitevideo_1920x1080-px-1-1-1024x576.webp 1024w, https:\/\/dih4society.ro\/wp-content\/uploads\/2025\/09\/SID2023_Websitevideo_1920x1080-px-1-1-768x432.webp 768w, https:\/\/dih4society.ro\/wp-content\/uploads\/2025\/09\/SID2023_Websitevideo_1920x1080-px-1-1-1536x864.webp 1536w, https:\/\/dih4society.ro\/wp-content\/uploads\/2025\/09\/SID2023_Websitevideo_1920x1080-px-1-1-18x10.webp 18w\" sizes=\"(max-width: 1920px) 100vw, 1920px\" \/><\/div><\/a>\n\t\t\t\t<div class=\"elementor-post__badge\">Events<\/div>\n\t\t\t\t<div class=\"elementor-post__text\">\n\t\t\t\t<h3 class=\"elementor-post__title\">\n\t\t\t<a href=\"https:\/\/dih4society.ro\/en\/oradea-innovation-days-2025\/\" >\n\t\t\t\tOradea Innovation Days 2025\t\t\t<\/a>\n\t\t<\/h3>\n\t\t\t\t<div class=\"elementor-post__excerpt\">\n\t\t\t<p>Oradea Innovation Days \u2013 Innovation meets digital transformation in the heart of Bihor! On June 18, 2025, Oradea becomes the host<\/p>\n\t\t<\/div>\n\t\t\n\t\t<a class=\"elementor-post__read-more\" href=\"https:\/\/dih4society.ro\/en\/oradea-innovation-days-2025\/\" aria-label=\"Read more about Oradea Innovation Days 2025\" tabindex=\"-1\" >\n\t\t\tRead more \u00bb\t\t<\/a>\n\n\t\t\t\t<\/div>\n\t\t\t\t<div class=\"elementor-post__meta-data\">\n\t\t\t\t\t<span class=\"elementor-post-date\">\n\t\t\t2 June 2025\t\t<\/span>\n\t\t\t\t<\/div>\n\t\t\t\t\t<\/div>\n\t\t<\/article>\n\t\t\t\t<article class=\"elementor-post elementor-grid-item post-1873 post type-post status-publish format-standard has-post-thumbnail hentry category-evenimente\" role=\"listitem\">\n\t\t\t<div class=\"elementor-post__card\">\n\t\t\t\t<a class=\"elementor-post__thumbnail__link\" href=\"https:\/\/dih4society.ro\/en\/solutii-digitale-si-colaborare-la-evenimentele-dih4society-din-aprilie-2025\/\" tabindex=\"-1\" ><div class=\"elementor-post__thumbnail\"><img loading=\"lazy\" decoding=\"async\" width=\"1920\" height=\"1080\" src=\"https:\/\/dih4society.ro\/wp-content\/uploads\/2025\/09\/Solutii-digitale-si-colaborare-la-evenimentele-DIH4Society-din-aprilie-2025.webp\" class=\"attachment-full size-full wp-image-1876\" alt=\"\" srcset=\"https:\/\/dih4society.ro\/wp-content\/uploads\/2025\/09\/Solutii-digitale-si-colaborare-la-evenimentele-DIH4Society-din-aprilie-2025.webp 1920w, https:\/\/dih4society.ro\/wp-content\/uploads\/2025\/09\/Solutii-digitale-si-colaborare-la-evenimentele-DIH4Society-din-aprilie-2025-300x169.webp 300w, https:\/\/dih4society.ro\/wp-content\/uploads\/2025\/09\/Solutii-digitale-si-colaborare-la-evenimentele-DIH4Society-din-aprilie-2025-1024x576.webp 1024w, https:\/\/dih4society.ro\/wp-content\/uploads\/2025\/09\/Solutii-digitale-si-colaborare-la-evenimentele-DIH4Society-din-aprilie-2025-768x432.webp 768w, https:\/\/dih4society.ro\/wp-content\/uploads\/2025\/09\/Solutii-digitale-si-colaborare-la-evenimentele-DIH4Society-din-aprilie-2025-1536x864.webp 1536w, https:\/\/dih4society.ro\/wp-content\/uploads\/2025\/09\/Solutii-digitale-si-colaborare-la-evenimentele-DIH4Society-din-aprilie-2025-18x10.webp 18w\" sizes=\"(max-width: 1920px) 100vw, 1920px\" \/><\/div><\/a>\n\t\t\t\t<div class=\"elementor-post__badge\">Events<\/div>\n\t\t\t\t<div class=\"elementor-post__text\">\n\t\t\t\t<h3 class=\"elementor-post__title\">\n\t\t\t<a href=\"https:\/\/dih4society.ro\/en\/solutii-digitale-si-colaborare-la-evenimentele-dih4society-din-aprilie-2025\/\" >\n\t\t\t\tDigital solutions and collaboration at the DIH4Society events in April 2025\t\t\t<\/a>\n\t\t<\/h3>\n\t\t\t\t<div class=\"elementor-post__excerpt\">\n\t\t\t<p>On April 29, 2025, DIH4Society will bring together regional SMEs. \ud83c\udfaf The main goal of the events will be to facilitate digital transformation. The sessions will be on...<\/p>\n\t\t<\/div>\n\t\t\n\t\t<a class=\"elementor-post__read-more\" href=\"https:\/\/dih4society.ro\/en\/solutii-digitale-si-colaborare-la-evenimentele-dih4society-din-aprilie-2025\/\" aria-label=\"Read more about Solu\u021bii digitale \u0219i colaborare la evenimentele DIH4Society din aprilie 2025\" tabindex=\"-1\" >\n\t\t\tRead more \u00bb\t\t<\/a>\n\n\t\t\t\t<\/div>\n\t\t\t\t<div class=\"elementor-post__meta-data\">\n\t\t\t\t\t<span class=\"elementor-post-date\">\n\t\t\t14 April 2025\t\t<\/span>\n\t\t\t\t<\/div>\n\t\t\t\t\t<\/div>\n\t\t<\/article>\n\t\t\t\t<\/div>\n\t\t\n\t\t\t\t\t\t<\/div>\n\t\t\t\t<\/div>\n\t\t\t\t\t<\/div>\n\t\t\t\t<\/div>\n\t\t\t\t<\/div>","protected":false},"excerpt":{"rendered":"<p>Events<\/p>","protected":false},"author":1,"featured_media":1916,"parent":0,"menu_order":0,"comment_status":"closed","ping_status":"closed","template":"","meta":{"footnotes":""},"class_list":["post-1388","page","type-page","status-publish","has-post-thumbnail","hentry"],"_links":{"self":[{"href":"https:\/\/dih4society.ro\/en\/wp-json\/wp\/v2\/pages\/1388","targetHints":{"allow":["GET"]}}],"collection":[{"href":"https:\/\/dih4society.ro\/en\/wp-json\/wp\/v2\/pages"}],"about":[{"href":"https:\/\/dih4society.ro\/en\/wp-json\/wp\/v2\/types\/page"}],"author":[{"embeddable":true,"href":"https:\/\/dih4society.ro\/en\/wp-json\/wp\/v2\/users\/1"}],"replies":[{"embeddable":true,"href":"https:\/\/dih4society.ro\/en\/wp-json\/wp\/v2\/comments?post=1388"}],"version-history":[{"count":10,"href":"https:\/\/dih4society.ro\/en\/wp-json\/wp\/v2\/pages\/1388\/revisions"}],"predecessor-version":[{"id":1859,"href":"https:\/\/dih4society.ro\/en\/wp-json\/wp\/v2\/pages\/1388\/revisions\/1859"}],"wp:featuredmedia":[{"embeddable":true,"href":"https:\/\/dih4society.ro\/en\/wp-json\/wp\/v2\/media\/1916"}],"wp:attachment":[{"href":"https:\/\/dih4society.ro\/en\/wp-json\/wp\/v2\/media?parent=1388"}],"curies":[{"name":"wp","href":"https:\/\/api.w.org\/{rel}","templated":true}]}}